{"id":1838,"date":"2018-11-19T14:06:34","date_gmt":"2018-11-19T12:06:34","guid":{"rendered":"https:\/\/oma.media.fi\/ess\/ilmestymispaivat\/"},"modified":"2026-01-07T11:10:02","modified_gmt":"2026-01-07T09:10:02","slug":"ilmestymispaivat","status":"publish","type":"page","link":"https:\/\/oma.media.fi\/ess\/ilmestymispaivat\/","title":{"rendered":"Ilmestymisp\u00e4iv\u00e4t"},"content":{"rendered":"<p>Etel\u00e4-Suomen Sanomat uutisoi verkossa vuoden jokaisena p\u00e4iv\u00e4n\u00e4. Etel\u00e4-Suomen Sanomat ilmestyy painettuna joka p\u00e4iv\u00e4 maanantaista sunnuntaihin muutamaa poikkeusta lukuun ottamatta. N\u00e4k\u00f6islehti on luettavissa verkossa lehden ilmestymisp\u00e4ivin\u00e4 ja j\u00e4lkik\u00e4teen arkistossa.<\/p>\n<p><strong>Painettu lehti ei ilmesty vuonna 2026:<\/strong><\/p>\n<div class=\"table--responsive\"><table style=\"width: 492px;height: 631px\" width=\"331\">\n<tbody>\n<tr>\n<td style=\"width: 140.615px\">to 1.1.2026<\/td>\n<td style=\"width: 337.385px\">Uudenvuodenp\u00e4iv\u00e4<\/td>\n<\/tr>\n<tr>\n<td style=\"width: 140.615px\">ti 6.1.2026<\/td>\n<td style=\"width: 337.385px\">Loppiainen<\/td>\n<\/tr>\n<tr>\n<td style=\"width: 140.615px\">ke 7.1.2026<\/td>\n<td style=\"width: 337.385px\">Loppiaisen j\u00e4lkeinen p\u00e4iv\u00e4<\/td>\n<\/tr>\n<tr>\n<td style=\"width: 140.615px\">la 4.4.2026<\/td>\n<td style=\"width: 337.385px\">P\u00e4\u00e4si\u00e4islauantai<\/td>\n<\/tr>\n<tr>\n<td style=\"width: 140.615px\">su 5.4.2026<\/td>\n<td style=\"width: 337.385px\">P\u00e4\u00e4si\u00e4isp\u00e4iv\u00e4<\/td>\n<\/tr>\n<tr>\n<td style=\"width: 140.615px\">ma 6.4.2026<\/td>\n<td style=\"width: 337.385px\">2. p\u00e4\u00e4si\u00e4isp\u00e4iv\u00e4<\/td>\n<\/tr>\n<tr>\n<td style=\"width: 140.615px\">pe 1.5.2026<\/td>\n<td style=\"width: 337.385px\">Vappu<\/td>\n<\/tr>\n<tr>\n<td style=\"width: 140.615px\">la 2.5.2026<\/td>\n<td style=\"width: 337.385px\">Vapun j\u00e4lkeinen p\u00e4iv\u00e4<\/td>\n<\/tr>\n<tr>\n<td style=\"width: 140.615px\">to 14.5.2026<\/td>\n<td style=\"width: 337.385px\">Helatorstai<\/td>\n<\/tr>\n<tr>\n<td style=\"width: 140.615px\">pe 15.5.2026<\/td>\n<td style=\"width: 337.385px\">Helatorstain j\u00e4lkeinen perjantai<\/td>\n<\/tr>\n<tr>\n<td style=\"width: 140.615px\">pe 19.6.2026<\/td>\n<td style=\"width: 337.385px\">Juhannusaatto<\/td>\n<\/tr>\n<tr>\n<td style=\"width: 140.615px\">la 20.6.2026<\/td>\n<td style=\"width: 337.385px\">Juhannusp\u00e4iv\u00e4<\/td>\n<\/tr>\n<tr>\n<td style=\"width: 140.615px\">su 21.6.2026<\/td>\n<td style=\"width: 337.385px\">Juhannussunnuntai<\/td>\n<\/tr>\n<tr>\n<td style=\"width: 140.615px\">la 31.10.2026<\/td>\n<td style=\"width: 337.385px\">Pyh\u00e4inp\u00e4iv\u00e4<\/td>\n<\/tr>\n<tr>\n<td style=\"width: 140.615px\">su 1.11.2026<\/td>\n<td style=\"width: 337.385px\">Pyh\u00e4inp\u00e4iv\u00e4n j\u00e4lkeinen sunnuntai<\/td>\n<\/tr>\n<tr>\n<td style=\"width: 140.615px\">su 6.12.2026<\/td>\n<td style=\"width: 337.385px\">Itsen\u00e4isyysp\u00e4iv\u00e4<\/td>\n<\/tr>\n<tr>\n<td style=\"width: 140.615px\">ma 7.12.2026<\/td>\n<td style=\"width: 337.385px\">Itsen\u00e4isyysp\u00e4iv\u00e4n j\u00e4lkeinen p\u00e4iv\u00e4<\/td>\n<\/tr>\n<tr>\n<td style=\"width: 140.615px\">pe 25.12.2026<\/td>\n<td style=\"width: 337.385px\">Joulup\u00e4iv\u00e4<\/td>\n<\/tr>\n<tr>\n<td style=\"width: 140.615px\">la 26.12.2026<\/td>\n<td style=\"width: 337.385px\">Tapaninp\u00e4iv\u00e4<\/td>\n<\/tr>\n<tr>\n<td style=\"width: 140.615px\">su 27.12.2026<\/td>\n<td style=\"width: 337.385px\">Joulun j\u00e4lkeinen p\u00e4iv\u00e4<\/td>\n<\/tr>\n<\/tbody>\n<\/table><\/div>\n<p>&nbsp;<\/p>\n","protected":false},"excerpt":{"rendered":"<p>Etel\u00e4-Suomen Sanomat uutisoi verkossa vuoden jokaisena p\u00e4iv\u00e4n\u00e4. Etel\u00e4-Suomen Sanomat ilmestyy painettuna joka p\u00e4iv\u00e4 maanantaista sunnuntaihin muutamaa poikkeusta lukuun ottamatta. N\u00e4k\u00f6islehti on luettavissa verkossa lehden ilmestymisp\u00e4ivin\u00e4 ja j\u00e4lkik\u00e4teen arkistossa. Painettu lehti ei ilmesty vuonna 2026: to 1.1.2026 Uudenvuodenp\u00e4iv\u00e4 ti 6.1.2026 Loppiainen ke 7.1.2026 Loppiaisen j\u00e4lkeinen p\u00e4iv\u00e4 la 4.4.2026 P\u00e4\u00e4si\u00e4islauantai su 5.4.2026 P\u00e4\u00e4si\u00e4isp\u00e4iv\u00e4 ma 6.4.2026 2. p\u00e4\u00e4si\u00e4isp\u00e4iv\u00e4 [&hellip;]<\/p>\n","protected":false},"author":1,"featured_media":0,"parent":0,"menu_order":0,"comment_status":"closed","ping_status":"closed","template":"","meta":{"_acf_changed":false,"footnotes":""},"class_list":["post-1838","page","type-page","status-publish","hentry"],"acf":[],"yoast_head":"<!-- This site is optimized with the Yoast SEO plugin v26.2 - https:\/\/yoast.com\/wordpress\/plugins\/seo\/ -->\n<title>ESS ilmestymisp\u00e4iv\u00e4t - Etel\u00e4-Suomen Sanomat<\/title>\n<meta name=\"description\" content=\"ESS ilmestymisp\u00e4iv\u00e4t. Etel\u00e4-Suomen Sanomat ilmestyy joka p\u00e4iv\u00e4 maanantaista sunnuntaihin muutamaa poikkeusta lukuunottamatta. Katso poikkeukset t\u00e4\u00e4lt\u00e4.\" \/>\n<meta name=\"robots\" content=\"index, follow, max-snippet:-1, max-image-preview:large, max-video-preview:-1\" \/>\n<link rel=\"canonical\" href=\"https:\/\/oma.media.fi\/ess\/ilmestymispaivat\/\" \/>\n<meta property=\"og:locale\" content=\"fi_FI\" \/>\n<meta property=\"og:type\" content=\"article\" \/>\n<meta property=\"og:title\" content=\"Ilmestymisp\u00e4iv\u00e4t\" \/>\n<meta property=\"og:description\" content=\"ESS ilmestymisp\u00e4iv\u00e4t. Etel\u00e4-Suomen Sanomat ilmestyy joka p\u00e4iv\u00e4 maanantaista sunnuntaihin muutamaa poikkeusta lukuunottamatta. Katso poikkeukset t\u00e4\u00e4lt\u00e4.\" \/>\n<meta property=\"og:url\" content=\"https:\/\/oma.media.fi\/ess\/ilmestymispaivat\/\" \/>\n<meta property=\"og:site_name\" content=\"Etel\u00e4-Suomen Sanomat\" \/>\n<meta property=\"article:modified_time\" content=\"2026-01-07T09:10:02+00:00\" \/>\n<meta name=\"twitter:card\" content=\"summary_large_image\" \/>\n<meta name=\"twitter:label1\" content=\"Arvioitu lukuaika\" \/>\n\t<meta name=\"twitter:data1\" content=\"1 minuutti\" \/>\n<script type=\"application\/ld+json\" class=\"yoast-schema-graph\">{\"@context\":\"https:\/\/schema.org\",\"@graph\":[{\"@type\":\"WebPage\",\"@id\":\"https:\/\/oma.media.fi\/ess\/ilmestymispaivat\/\",\"url\":\"https:\/\/oma.media.fi\/ess\/ilmestymispaivat\/\",\"name\":\"ESS ilmestymisp\u00e4iv\u00e4t - Etel\u00e4-Suomen Sanomat\",\"isPartOf\":{\"@id\":\"https:\/\/oma.media.fi\/ess\/#website\"},\"datePublished\":\"2018-11-19T12:06:34+00:00\",\"dateModified\":\"2026-01-07T09:10:02+00:00\",\"description\":\"ESS ilmestymisp\u00e4iv\u00e4t. Etel\u00e4-Suomen Sanomat ilmestyy joka p\u00e4iv\u00e4 maanantaista sunnuntaihin muutamaa poikkeusta lukuunottamatta. Katso poikkeukset t\u00e4\u00e4lt\u00e4.\",\"breadcrumb\":{\"@id\":\"https:\/\/oma.media.fi\/ess\/ilmestymispaivat\/#breadcrumb\"},\"inLanguage\":\"fi\",\"potentialAction\":[{\"@type\":\"ReadAction\",\"target\":[\"https:\/\/oma.media.fi\/ess\/ilmestymispaivat\/\"]}]},{\"@type\":\"BreadcrumbList\",\"@id\":\"https:\/\/oma.media.fi\/ess\/ilmestymispaivat\/#breadcrumb\",\"itemListElement\":[{\"@type\":\"ListItem\",\"position\":1,\"name\":\"Etusivu\",\"item\":\"https:\/\/oma.media.fi\/ess\/\"},{\"@type\":\"ListItem\",\"position\":2,\"name\":\"Ilmestymisp\u00e4iv\u00e4t\"}]},{\"@type\":\"WebSite\",\"@id\":\"https:\/\/oma.media.fi\/ess\/#website\",\"url\":\"https:\/\/oma.media.fi\/ess\/\",\"name\":\"Etel\u00e4-Suomen Sanomat\",\"description\":\"\",\"potentialAction\":[{\"@type\":\"SearchAction\",\"target\":{\"@type\":\"EntryPoint\",\"urlTemplate\":\"https:\/\/oma.media.fi\/ess\/?s={search_term_string}\"},\"query-input\":{\"@type\":\"PropertyValueSpecification\",\"valueRequired\":true,\"valueName\":\"search_term_string\"}}],\"inLanguage\":\"fi\"}]}<\/script>\n<!-- \/ Yoast SEO plugin. -->","yoast_head_json":{"title":"ESS ilmestymisp\u00e4iv\u00e4t - Etel\u00e4-Suomen Sanomat","description":"ESS ilmestymisp\u00e4iv\u00e4t. Etel\u00e4-Suomen Sanomat ilmestyy joka p\u00e4iv\u00e4 maanantaista sunnuntaihin muutamaa poikkeusta lukuunottamatta. Katso poikkeukset t\u00e4\u00e4lt\u00e4.","robots":{"index":"index","follow":"follow","max-snippet":"max-snippet:-1","max-image-preview":"max-image-preview:large","max-video-preview":"max-video-preview:-1"},"canonical":"https:\/\/oma.media.fi\/ess\/ilmestymispaivat\/","og_locale":"fi_FI","og_type":"article","og_title":"Ilmestymisp\u00e4iv\u00e4t","og_description":"ESS ilmestymisp\u00e4iv\u00e4t. Etel\u00e4-Suomen Sanomat ilmestyy joka p\u00e4iv\u00e4 maanantaista sunnuntaihin muutamaa poikkeusta lukuunottamatta. Katso poikkeukset t\u00e4\u00e4lt\u00e4.","og_url":"https:\/\/oma.media.fi\/ess\/ilmestymispaivat\/","og_site_name":"Etel\u00e4-Suomen Sanomat","article_modified_time":"2026-01-07T09:10:02+00:00","twitter_card":"summary_large_image","twitter_misc":{"Arvioitu lukuaika":"1 minuutti"},"schema":{"@context":"https:\/\/schema.org","@graph":[{"@type":"WebPage","@id":"https:\/\/oma.media.fi\/ess\/ilmestymispaivat\/","url":"https:\/\/oma.media.fi\/ess\/ilmestymispaivat\/","name":"ESS ilmestymisp\u00e4iv\u00e4t - Etel\u00e4-Suomen Sanomat","isPartOf":{"@id":"https:\/\/oma.media.fi\/ess\/#website"},"datePublished":"2018-11-19T12:06:34+00:00","dateModified":"2026-01-07T09:10:02+00:00","description":"ESS ilmestymisp\u00e4iv\u00e4t. Etel\u00e4-Suomen Sanomat ilmestyy joka p\u00e4iv\u00e4 maanantaista sunnuntaihin muutamaa poikkeusta lukuunottamatta. Katso poikkeukset t\u00e4\u00e4lt\u00e4.","breadcrumb":{"@id":"https:\/\/oma.media.fi\/ess\/ilmestymispaivat\/#breadcrumb"},"inLanguage":"fi","potentialAction":[{"@type":"ReadAction","target":["https:\/\/oma.media.fi\/ess\/ilmestymispaivat\/"]}]},{"@type":"BreadcrumbList","@id":"https:\/\/oma.media.fi\/ess\/ilmestymispaivat\/#breadcrumb","itemListElement":[{"@type":"ListItem","position":1,"name":"Etusivu","item":"https:\/\/oma.media.fi\/ess\/"},{"@type":"ListItem","position":2,"name":"Ilmestymisp\u00e4iv\u00e4t"}]},{"@type":"WebSite","@id":"https:\/\/oma.media.fi\/ess\/#website","url":"https:\/\/oma.media.fi\/ess\/","name":"Etel\u00e4-Suomen Sanomat","description":"","potentialAction":[{"@type":"SearchAction","target":{"@type":"EntryPoint","urlTemplate":"https:\/\/oma.media.fi\/ess\/?s={search_term_string}"},"query-input":{"@type":"PropertyValueSpecification","valueRequired":true,"valueName":"search_term_string"}}],"inLanguage":"fi"}]}},"publishpress_future_action":{"enabled":false,"date":"2026-05-09 00:34:58","action":"change-status","newStatus":"draft","terms":[],"taxonomy":"","extraData":[]},"publishpress_future_workflow_manual_trigger":{"enabledWorkflows":[]},"_links":{"self":[{"href":"https:\/\/oma.media.fi\/ess\/wp-json\/wp\/v2\/pages\/1838","targetHints":{"allow":["GET"]}}],"collection":[{"href":"https:\/\/oma.media.fi\/ess\/wp-json\/wp\/v2\/pages"}],"about":[{"href":"https:\/\/oma.media.fi\/ess\/wp-json\/wp\/v2\/types\/page"}],"author":[{"embeddable":true,"href":"https:\/\/oma.media.fi\/ess\/wp-json\/wp\/v2\/users\/1"}],"replies":[{"embeddable":true,"href":"https:\/\/oma.media.fi\/ess\/wp-json\/wp\/v2\/comments?post=1838"}],"version-history":[{"count":68,"href":"https:\/\/oma.media.fi\/ess\/wp-json\/wp\/v2\/pages\/1838\/revisions"}],"predecessor-version":[{"id":24908,"href":"https:\/\/oma.media.fi\/ess\/wp-json\/wp\/v2\/pages\/1838\/revisions\/24908"}],"wp:attachment":[{"href":"https:\/\/oma.media.fi\/ess\/wp-json\/wp\/v2\/media?parent=1838"}],"curies":[{"name":"wp","href":"https:\/\/api.w.org\/{rel}","templated":true}]}}