{"id":24791,"date":"2025-11-26T09:09:20","date_gmt":"2025-11-26T07:09:20","guid":{"rendered":"https:\/\/oma.media.fi\/ess\/?page_id=24791"},"modified":"2026-01-08T10:49:19","modified_gmt":"2026-01-08T08:49:19","slug":"ess-viikko-yhteystiedot","status":"publish","type":"page","link":"https:\/\/oma.media.fi\/ess\/yhteystiedot\/ess-viikko-yhteystiedot\/","title":{"rendered":"ESS Viikko"},"content":{"rendered":"<p>ESS Viikko on ilmestymisalueensa n\u00e4k\u00f6inen, nuorekas, kotiinp\u00e4in vet\u00e4v\u00e4 ja osin rosoinenkin riippumaton kaupunkimedia. ESS Viikko tarjoilee hyv\u00e4n mielen lukemista alueensa asukkaiden arkeen. <strong>Ilmestyy keskiviikkoisin 7.1.2026 alkaen.<\/strong><\/p>\n<p><a class=\"button\" href=\"https:\/\/www.ess.fi\/nakoislehti\/\" target=\"_blank\" rel=\"noopener\">ESS Viikko n\u00e4k\u00f6islehti<\/a><\/p>\n<h2>J\u00e4t\u00e4 jakelupalautetta<\/h2>\n<p>J\u00e4ik\u00f6 ESS Viikko tulematta tai onko sinulla muuta palautetta jakelustamme.<\/p>\n<p>Anna Jakelupalautetta meille alla olevan linkin kautta.<\/p>\n<p>Palaute ohjataan alueen jakelua hoitavalle yhti\u00f6lle.<\/p>\n<p>Jakelupalautteet:<\/p>\n<p>SSM Suomen Suoramainonta Oy<br \/>\n<a href=\"http:\/\/www.jakelupalaute.fi\" target=\"_blank\" rel=\"noopener\">www.jakelupalaute.fi<\/a><\/p>\n<p><a class=\"button\" href=\"http:\/\/www.jakelupalaute.fi\/essviikko\" target=\"_blank\" rel=\"noopener\">J\u00e4t\u00e4 jakelupalaute t\u00e4st\u00e4<\/a><\/p>\n<p><a class=\"button\" href=\"https:\/\/oma.media.fi\/ess\/ess-viikko-jakelutelineet\/\" target=\"_blank\" rel=\"noopener\">Jakelutelineet<\/a><\/p>\n<h2>Lukijailmoitukset<\/h2>\n<p>J\u00e4rjest\u00f6ilmoitukset, luokitellut ilmoitukset, perheilmoitukset, kuolinilmoitukset ja surukiitokset<\/p>\n<p><strong>J\u00e4t\u00e4 ilmoitus 24\/7\u00a0<a href=\"https:\/\/oma.media.fi\/ess\/ilmoita\/\" target=\"_blank\" rel=\"noopener\">ess.fi\/ilmoita<\/a><\/strong><\/p>\n<h2>Asiakaspalvelu<\/h2>\n<p><strong>Puhelinpalvelu<\/strong><br \/>\n014 622 133 (ma-pe klo 8.00-18.00)<\/p>\n<p>Tallennamme puhelut asiakaspalvelutapahtumien varmentamiseksi sek\u00e4 asiakaspalvelun koulutusta varten. Puhelun hinta mpm\/pvm, jonotus on maksullista.<\/p>\n<h2>Mediamyynti<\/h2>\n<p><strong>Mediatiedot<\/strong><br \/>\n<a href=\"https:\/\/meks.fi\/tuote\/ess-viikko\/\" target=\"_blank\" rel=\"noopener\">Lehden tiedot<\/a><\/p>\n<p><strong>Ilmoitusaineistot<\/strong><br \/>\n<a href=\"&#x6d;&#97;i&#x6c;&#116;o&#x3a;&#109;a&#x69;&#x6e;&#111;&#x73;&#x2e;&#101;s&#x73;&#118;i&#x69;&#107;k&#x6f;&#x40;&#109;&#x65;&#x64;&#105;a&#x2e;&#102;i\" target=\"_blank\" rel=\"noopener\">&#109;&#x61;&#105;&#x6e;&#111;&#x73;&#46;&#x65;&#115;&#x73;&#118;&#x69;&#105;&#x6b;&#107;&#x6f;&#64;&#x6d;&#101;&#x64;&#105;&#x61;&#46;&#x66;&#105;<\/a><\/p>\n<p><strong>Ilmoituslaskutus<\/strong><br \/>\np. 09 2730 0230 (pvm\/mpm) ma-pe klo 8.00-16.00<\/p>\n<h2>Toimitus<\/h2>\n<p><strong>Juttuvinkit ja mielipidekirjoitukset<\/strong><br \/>\nL\u00e4het\u00e4 juttuvinkki, kuva tai mielipidekirjoitus s\u00e4hk\u00f6postilla osoitteeseen <span data-teams=\"true\"><a id=\"menur4ne\" class=\"fui-Link ___1q1shib f2hkw1w f3rmtva f1ewtqcl fyind8e f1k6fduh f1w7gpdv fk6fouc fjoy568 figsok6 f1s184ao f1mk8lai fnbmjn9 f1o700av f13mvf36 f1cmlufx f9n3di6 f1ids18y f1tx3yz7 f1deo86v f1eh06m1 f1iescvh fhgqx19 f1olyrje f1p93eir f1nev41a f1h8hb77 f1lqvz6u f10aw75t fsle3fq f17ae5zn\" title=\"&#x6d;&#97;&#x69;&#x6c;&#116;&#x6f;&#x3a;&#101;&#x73;&#x73;&#118;&#x69;&#x69;k&#x6b;&#x6f;&#46;&#x74;&#111;i&#x6d;&#105;t&#x75;&#115;&#64;&#x6d;&#101;d&#x69;&#97;&#46;&#x66;&#105;\" href=\"&#109;&#97;&#x69;l&#116;&#x6f;&#x3a;e&#115;&#x73;&#x76;i&#105;&#x6b;&#x6b;o&#46;&#x74;&#x6f;i&#109;&#x69;&#x74;u&#115;&#x40;m&#101;&#100;&#x69;a&#46;&#x66;&#x69;\" target=\"_blank\" rel=\"noreferrer noopener\" aria-label=\"Linkki &#101;&#x73;s&#118;&#x69;&#105;&#x6b;k&#111;&#x2e;t&#x6f;&#x69;&#109;&#x69;t&#117;&#x73;&#64;&#x6d;&#x65;&#100;&#x69;a&#46;&#x66;&#105;\">&#101;&#x73;s&#118;&#x69;i&#107;&#x6b;o&#x2e;&#x74;&#111;&#x69;m&#105;&#x74;u&#115;&#x40;m&#x65;&#x64;&#105;&#x61;&#x2e;&#102;&#x69;<\/a><\/span>.<\/p>\n<p><strong>P\u00e4\u00e4toimittaja:<\/strong><br \/>\nVille Hakala<\/p>\n<p><strong>Toimittajat:\u00a0<\/strong><br \/>\nAntti Hartikainen<br \/>\nKaisa Korkeam\u00e4ki<\/p>\n<p>s\u00e4hk\u00f6postit &#101;&#x74;&#x75;n&#105;&#x6d;i&#46;&#x73;&#x75;k&#117;&#x6e;i&#109;&#x69;&#x40;m&#101;&#x64;i&#97;&#x2e;&#x66;&#105;<\/p>\n<p><span data-teams=\"true\">Kaikki sis\u00e4ll\u00f6t voidaan julkaista kaikissa Mediakonserni Keskisuomalaisen medioissa.<\/span><\/p>\n<p><strong>Toimituksen k\u00e4yntiosoite<\/strong><br \/>\nIlmarisentie 9, 15200 Lahti<\/p>\n","protected":false},"excerpt":{"rendered":"<p>ESS Viikko on ilmestymisalueensa n\u00e4k\u00f6inen, nuorekas, kotiinp\u00e4in vet\u00e4v\u00e4 ja osin rosoinenkin riippumaton kaupunkimedia. ESS Viikko tarjoilee hyv\u00e4n mielen lukemista alueensa asukkaiden arkeen. Ilmestyy keskiviikkoisin 7.1.2026 alkaen. ESS Viikko n\u00e4k\u00f6islehti J\u00e4t\u00e4 jakelupalautetta J\u00e4ik\u00f6 ESS Viikko tulematta tai onko sinulla muuta palautetta jakelustamme. Anna Jakelupalautetta meille alla olevan linkin kautta. Palaute ohjataan alueen jakelua hoitavalle yhti\u00f6lle. Jakelupalautteet: [&hellip;]<\/p>\n","protected":false},"author":69,"featured_media":0,"parent":246,"menu_order":0,"comment_status":"closed","ping_status":"closed","template":"","meta":{"_acf_changed":false,"footnotes":""},"class_list":["post-24791","page","type-page","status-publish","hentry"],"acf":[],"yoast_head":"<!-- This site is optimized with the Yoast SEO plugin v26.2 - https:\/\/yoast.com\/wordpress\/plugins\/seo\/ -->\n<title>ESS Viikko - Etel\u00e4-Suomen Sanomat<\/title>\n<meta name=\"robots\" content=\"index, follow, max-snippet:-1, max-image-preview:large, max-video-preview:-1\" \/>\n<link rel=\"canonical\" href=\"https:\/\/oma.media.fi\/ess\/yhteystiedot\/ess-viikko-yhteystiedot\/\" \/>\n<meta property=\"og:locale\" content=\"fi_FI\" \/>\n<meta property=\"og:type\" content=\"article\" \/>\n<meta property=\"og:title\" content=\"ESS Viikko\" \/>\n<meta property=\"og:description\" content=\"ESS Viikko on ilmestymisalueensa n\u00e4k\u00f6inen, nuorekas, kotiinp\u00e4in vet\u00e4v\u00e4 ja osin rosoinenkin riippumaton kaupunkimedia. ESS Viikko tarjoilee hyv\u00e4n mielen lukemista alueensa asukkaiden arkeen. Ilmestyy keskiviikkoisin 7.1.2026 alkaen. ESS Viikko n\u00e4k\u00f6islehti J\u00e4t\u00e4 jakelupalautetta J\u00e4ik\u00f6 ESS Viikko tulematta tai onko sinulla muuta palautetta jakelustamme. Anna Jakelupalautetta meille alla olevan linkin kautta. Palaute ohjataan alueen jakelua hoitavalle yhti\u00f6lle. Jakelupalautteet: [&hellip;]\" \/>\n<meta property=\"og:url\" content=\"https:\/\/oma.media.fi\/ess\/yhteystiedot\/ess-viikko-yhteystiedot\/\" \/>\n<meta property=\"og:site_name\" content=\"Etel\u00e4-Suomen Sanomat\" \/>\n<meta property=\"article:modified_time\" content=\"2026-01-08T08:49:19+00:00\" \/>\n<meta name=\"twitter:card\" content=\"summary_large_image\" \/>\n<meta name=\"twitter:label1\" content=\"Arvioitu lukuaika\" \/>\n\t<meta name=\"twitter:data1\" content=\"1 minuutti\" \/>\n<script type=\"application\/ld+json\" class=\"yoast-schema-graph\">{\"@context\":\"https:\/\/schema.org\",\"@graph\":[{\"@type\":\"WebPage\",\"@id\":\"https:\/\/oma.media.fi\/ess\/yhteystiedot\/ess-viikko-yhteystiedot\/\",\"url\":\"https:\/\/oma.media.fi\/ess\/yhteystiedot\/ess-viikko-yhteystiedot\/\",\"name\":\"ESS Viikko - Etel\u00e4-Suomen Sanomat\",\"isPartOf\":{\"@id\":\"https:\/\/oma.media.fi\/ess\/#website\"},\"datePublished\":\"2025-11-26T07:09:20+00:00\",\"dateModified\":\"2026-01-08T08:49:19+00:00\",\"breadcrumb\":{\"@id\":\"https:\/\/oma.media.fi\/ess\/yhteystiedot\/ess-viikko-yhteystiedot\/#breadcrumb\"},\"inLanguage\":\"fi\",\"potentialAction\":[{\"@type\":\"ReadAction\",\"target\":[\"https:\/\/oma.media.fi\/ess\/yhteystiedot\/ess-viikko-yhteystiedot\/\"]}]},{\"@type\":\"BreadcrumbList\",\"@id\":\"https:\/\/oma.media.fi\/ess\/yhteystiedot\/ess-viikko-yhteystiedot\/#breadcrumb\",\"itemListElement\":[{\"@type\":\"ListItem\",\"position\":1,\"name\":\"Etusivu\",\"item\":\"https:\/\/oma.media.fi\/ess\/\"},{\"@type\":\"ListItem\",\"position\":2,\"name\":\"Yhteystiedot\",\"item\":\"https:\/\/oma.media.fi\/ess\/yhteystiedot\/\"},{\"@type\":\"ListItem\",\"position\":3,\"name\":\"ESS Viikko\"}]},{\"@type\":\"WebSite\",\"@id\":\"https:\/\/oma.media.fi\/ess\/#website\",\"url\":\"https:\/\/oma.media.fi\/ess\/\",\"name\":\"Etel\u00e4-Suomen Sanomat\",\"description\":\"\",\"potentialAction\":[{\"@type\":\"SearchAction\",\"target\":{\"@type\":\"EntryPoint\",\"urlTemplate\":\"https:\/\/oma.media.fi\/ess\/?s={search_term_string}\"},\"query-input\":{\"@type\":\"PropertyValueSpecification\",\"valueRequired\":true,\"valueName\":\"search_term_string\"}}],\"inLanguage\":\"fi\"}]}<\/script>\n<!-- \/ Yoast SEO plugin. -->","yoast_head_json":{"title":"ESS Viikko - Etel\u00e4-Suomen Sanomat","robots":{"index":"index","follow":"follow","max-snippet":"max-snippet:-1","max-image-preview":"max-image-preview:large","max-video-preview":"max-video-preview:-1"},"canonical":"https:\/\/oma.media.fi\/ess\/yhteystiedot\/ess-viikko-yhteystiedot\/","og_locale":"fi_FI","og_type":"article","og_title":"ESS Viikko","og_description":"ESS Viikko on ilmestymisalueensa n\u00e4k\u00f6inen, nuorekas, kotiinp\u00e4in vet\u00e4v\u00e4 ja osin rosoinenkin riippumaton kaupunkimedia. ESS Viikko tarjoilee hyv\u00e4n mielen lukemista alueensa asukkaiden arkeen. Ilmestyy keskiviikkoisin 7.1.2026 alkaen. ESS Viikko n\u00e4k\u00f6islehti J\u00e4t\u00e4 jakelupalautetta J\u00e4ik\u00f6 ESS Viikko tulematta tai onko sinulla muuta palautetta jakelustamme. Anna Jakelupalautetta meille alla olevan linkin kautta. Palaute ohjataan alueen jakelua hoitavalle yhti\u00f6lle. Jakelupalautteet: [&hellip;]","og_url":"https:\/\/oma.media.fi\/ess\/yhteystiedot\/ess-viikko-yhteystiedot\/","og_site_name":"Etel\u00e4-Suomen Sanomat","article_modified_time":"2026-01-08T08:49:19+00:00","twitter_card":"summary_large_image","twitter_misc":{"Arvioitu lukuaika":"1 minuutti"},"schema":{"@context":"https:\/\/schema.org","@graph":[{"@type":"WebPage","@id":"https:\/\/oma.media.fi\/ess\/yhteystiedot\/ess-viikko-yhteystiedot\/","url":"https:\/\/oma.media.fi\/ess\/yhteystiedot\/ess-viikko-yhteystiedot\/","name":"ESS Viikko - Etel\u00e4-Suomen Sanomat","isPartOf":{"@id":"https:\/\/oma.media.fi\/ess\/#website"},"datePublished":"2025-11-26T07:09:20+00:00","dateModified":"2026-01-08T08:49:19+00:00","breadcrumb":{"@id":"https:\/\/oma.media.fi\/ess\/yhteystiedot\/ess-viikko-yhteystiedot\/#breadcrumb"},"inLanguage":"fi","potentialAction":[{"@type":"ReadAction","target":["https:\/\/oma.media.fi\/ess\/yhteystiedot\/ess-viikko-yhteystiedot\/"]}]},{"@type":"BreadcrumbList","@id":"https:\/\/oma.media.fi\/ess\/yhteystiedot\/ess-viikko-yhteystiedot\/#breadcrumb","itemListElement":[{"@type":"ListItem","position":1,"name":"Etusivu","item":"https:\/\/oma.media.fi\/ess\/"},{"@type":"ListItem","position":2,"name":"Yhteystiedot","item":"https:\/\/oma.media.fi\/ess\/yhteystiedot\/"},{"@type":"ListItem","position":3,"name":"ESS Viikko"}]},{"@type":"WebSite","@id":"https:\/\/oma.media.fi\/ess\/#website","url":"https:\/\/oma.media.fi\/ess\/","name":"Etel\u00e4-Suomen Sanomat","description":"","potentialAction":[{"@type":"SearchAction","target":{"@type":"EntryPoint","urlTemplate":"https:\/\/oma.media.fi\/ess\/?s={search_term_string}"},"query-input":{"@type":"PropertyValueSpecification","valueRequired":true,"valueName":"search_term_string"}}],"inLanguage":"fi"}]}},"publishpress_future_action":{"enabled":false,"date":"2026-05-06 07:41:33","action":"change-status","newStatus":"draft","terms":[],"taxonomy":"","extraData":[]},"publishpress_future_workflow_manual_trigger":{"enabledWorkflows":[]},"_links":{"self":[{"href":"https:\/\/oma.media.fi\/ess\/wp-json\/wp\/v2\/pages\/24791","targetHints":{"allow":["GET"]}}],"collection":[{"href":"https:\/\/oma.media.fi\/ess\/wp-json\/wp\/v2\/pages"}],"about":[{"href":"https:\/\/oma.media.fi\/ess\/wp-json\/wp\/v2\/types\/page"}],"author":[{"embeddable":true,"href":"https:\/\/oma.media.fi\/ess\/wp-json\/wp\/v2\/users\/69"}],"replies":[{"embeddable":true,"href":"https:\/\/oma.media.fi\/ess\/wp-json\/wp\/v2\/comments?post=24791"}],"version-history":[{"count":15,"href":"https:\/\/oma.media.fi\/ess\/wp-json\/wp\/v2\/pages\/24791\/revisions"}],"predecessor-version":[{"id":24920,"href":"https:\/\/oma.media.fi\/ess\/wp-json\/wp\/v2\/pages\/24791\/revisions\/24920"}],"up":[{"embeddable":true,"href":"https:\/\/oma.media.fi\/ess\/wp-json\/wp\/v2\/pages\/246"}],"wp:attachment":[{"href":"https:\/\/oma.media.fi\/ess\/wp-json\/wp\/v2\/media?parent=24791"}],"curies":[{"name":"wp","href":"https:\/\/api.w.org\/{rel}","templated":true}]}}