{"id":542,"date":"2018-11-19T14:06:34","date_gmt":"2018-11-19T12:06:34","guid":{"rendered":"https:\/\/oma.media.fi\/iisalmen-sanomat\/ilmestymispaivat\/"},"modified":"2026-03-30T14:40:50","modified_gmt":"2026-03-30T11:40:50","slug":"ilmestymispaivat","status":"publish","type":"page","link":"https:\/\/oma.media.fi\/iisalmen-sanomat\/ilmestymispaivat\/","title":{"rendered":"Ilmestymisp\u00e4iv\u00e4t"},"content":{"rendered":"<p><strong>ILMESTYMINEN<\/strong><\/p>\n<p>Iisalmi, Lapinlahti, Sonkaj\u00e4rvi, Vierem\u00e4,\u00a0Kiuruvesi, Pielavesi, Pyh\u00e4j\u00e4rvi<\/p>\n<p><strong>Iisalmen Sanomat uutisoi verkossa vuoden jokaisena p\u00e4iv\u00e4n\u00e4<\/strong>. Iisalmen Sanomat ilmestyy painettuna lehten\u00e4 tiistaista lauantaihin. Juhlapyhien aikana voi olla poikkeuksellisia julkaisup\u00e4ivi\u00e4 painetun lehden osalta. Painetun lehden n\u00e4k\u00f6islehti on luettavissa verkossa lehden ilmestymisp\u00e4ivin\u00e4 ja j\u00e4lkik\u00e4teen arkistosta.<\/p>\n<hr \/>\n<p><strong>Painettu lehti ei ilmesty vuonna 2026:<\/strong><\/p>\n<p>To 1.1.2026 Uudenvuodenp\u00e4iv\u00e4<br \/>\nTi 6.1.2026 Loppiainen<br \/>\nKe 7.1.2026 Loppiaisen j\u00e4lkeinen p\u00e4iv\u00e4<br \/>\nLa 4.4.2026 P\u00e4\u00e4si\u00e4islauantai<br \/>\nPe 1.5.2026 Vappu<br \/>\nLa 2.5.2026 Vapun j\u00e4lkeinen p\u00e4iv\u00e4<br \/>\nTo 14.5.2026 Helatorstai<br \/>\nPe 15.5.2026 Helatorstain j\u00e4lkeinen perjantai<br \/>\nPe 19.6.2026 Juhannusaatto<br \/>\nLa 20.6.2026 Juhannusp\u00e4iv\u00e4<br \/>\nLa 31.10.2026 Pyh\u00e4inp\u00e4iv\u00e4<br \/>\nTo 24.12.2026 Jouluaatto<br \/>\nPe 25.12.2026 Joulup\u00e4iv\u00e4<br \/>\nLa 26.12.2026 Tapaninp\u00e4iv\u00e4<br \/>\nTo 31.12.2026 Uuden vuoden aatto<\/p>\n<p>&nbsp;<\/p>\n","protected":false},"excerpt":{"rendered":"<p>ILMESTYMINEN Iisalmi, Lapinlahti, Sonkaj\u00e4rvi, Vierem\u00e4,\u00a0Kiuruvesi, Pielavesi, Pyh\u00e4j\u00e4rvi Iisalmen Sanomat uutisoi verkossa vuoden jokaisena p\u00e4iv\u00e4n\u00e4. Iisalmen Sanomat ilmestyy painettuna lehten\u00e4 tiistaista lauantaihin. Juhlapyhien aikana voi olla poikkeuksellisia julkaisup\u00e4ivi\u00e4 painetun lehden osalta. Painetun lehden n\u00e4k\u00f6islehti on luettavissa verkossa lehden ilmestymisp\u00e4ivin\u00e4 ja j\u00e4lkik\u00e4teen arkistosta. Painettu lehti ei ilmesty vuonna 2026: To 1.1.2026 Uudenvuodenp\u00e4iv\u00e4 Ti 6.1.2026 Loppiainen Ke 7.1.2026 [&hellip;]<\/p>\n","protected":false},"author":1,"featured_media":0,"parent":0,"menu_order":0,"comment_status":"closed","ping_status":"closed","template":"","meta":{"_acf_changed":false,"footnotes":""},"class_list":["post-542","page","type-page","status-publish","hentry"],"acf":[],"yoast_head":"<!-- This site is optimized with the Yoast SEO plugin v26.2 - https:\/\/yoast.com\/wordpress\/plugins\/seo\/ -->\n<title>Ilmestymisp\u00e4iv\u00e4t - Iisalmen Sanomat<\/title>\n<meta name=\"description\" content=\"Iisalmen Sanomien ilmestym\u00e4tt\u00f6m\u00e4t p\u00e4iv\u00e4t 2020, mutta toimitus tuottaa paikallisia ja ajankohtaisia uutisia p\u00e4ivitt\u00e4in iisalmensanomat.fi\" \/>\n<meta name=\"robots\" content=\"index, follow, max-snippet:-1, max-image-preview:large, max-video-preview:-1\" \/>\n<link rel=\"canonical\" href=\"https:\/\/oma.media.fi\/iisalmen-sanomat\/ilmestymispaivat\/\" \/>\n<meta property=\"og:locale\" content=\"fi_FI\" \/>\n<meta property=\"og:type\" content=\"article\" \/>\n<meta property=\"og:title\" content=\"Ilmestymisp\u00e4iv\u00e4t\" \/>\n<meta property=\"og:description\" content=\"Iisalmen Sanomien ilmestym\u00e4tt\u00f6m\u00e4t p\u00e4iv\u00e4t 2020, mutta toimitus tuottaa paikallisia ja ajankohtaisia uutisia p\u00e4ivitt\u00e4in iisalmensanomat.fi\" \/>\n<meta property=\"og:url\" content=\"https:\/\/oma.media.fi\/iisalmen-sanomat\/ilmestymispaivat\/\" \/>\n<meta property=\"og:site_name\" content=\"Iisalmen Sanomat\" \/>\n<meta property=\"article:modified_time\" content=\"2026-03-30T11:40:50+00:00\" \/>\n<meta name=\"twitter:card\" content=\"summary_large_image\" \/>\n<meta name=\"twitter:label1\" content=\"Arvioitu lukuaika\" \/>\n\t<meta name=\"twitter:data1\" content=\"1 minuutti\" \/>\n<script type=\"application\/ld+json\" class=\"yoast-schema-graph\">{\"@context\":\"https:\/\/schema.org\",\"@graph\":[{\"@type\":\"WebPage\",\"@id\":\"https:\/\/oma.media.fi\/iisalmen-sanomat\/ilmestymispaivat\/\",\"url\":\"https:\/\/oma.media.fi\/iisalmen-sanomat\/ilmestymispaivat\/\",\"name\":\"Ilmestymisp\u00e4iv\u00e4t - Iisalmen Sanomat\",\"isPartOf\":{\"@id\":\"https:\/\/oma.media.fi\/iisalmen-sanomat\/#website\"},\"datePublished\":\"2018-11-19T12:06:34+00:00\",\"dateModified\":\"2026-03-30T11:40:50+00:00\",\"description\":\"Iisalmen Sanomien ilmestym\u00e4tt\u00f6m\u00e4t p\u00e4iv\u00e4t 2020, mutta toimitus tuottaa paikallisia ja ajankohtaisia uutisia p\u00e4ivitt\u00e4in iisalmensanomat.fi\",\"breadcrumb\":{\"@id\":\"https:\/\/oma.media.fi\/iisalmen-sanomat\/ilmestymispaivat\/#breadcrumb\"},\"inLanguage\":\"fi\",\"potentialAction\":[{\"@type\":\"ReadAction\",\"target\":[\"https:\/\/oma.media.fi\/iisalmen-sanomat\/ilmestymispaivat\/\"]}]},{\"@type\":\"BreadcrumbList\",\"@id\":\"https:\/\/oma.media.fi\/iisalmen-sanomat\/ilmestymispaivat\/#breadcrumb\",\"itemListElement\":[{\"@type\":\"ListItem\",\"position\":1,\"name\":\"Etusivu\",\"item\":\"https:\/\/oma.media.fi\/iisalmen-sanomat\/\"},{\"@type\":\"ListItem\",\"position\":2,\"name\":\"Ilmestymisp\u00e4iv\u00e4t\"}]},{\"@type\":\"WebSite\",\"@id\":\"https:\/\/oma.media.fi\/iisalmen-sanomat\/#website\",\"url\":\"https:\/\/oma.media.fi\/iisalmen-sanomat\/\",\"name\":\"Iisalmen Sanomat\",\"description\":\"\",\"potentialAction\":[{\"@type\":\"SearchAction\",\"target\":{\"@type\":\"EntryPoint\",\"urlTemplate\":\"https:\/\/oma.media.fi\/iisalmen-sanomat\/?s={search_term_string}\"},\"query-input\":{\"@type\":\"PropertyValueSpecification\",\"valueRequired\":true,\"valueName\":\"search_term_string\"}}],\"inLanguage\":\"fi\"}]}<\/script>\n<!-- \/ Yoast SEO plugin. -->","yoast_head_json":{"title":"Ilmestymisp\u00e4iv\u00e4t - Iisalmen Sanomat","description":"Iisalmen Sanomien ilmestym\u00e4tt\u00f6m\u00e4t p\u00e4iv\u00e4t 2020, mutta toimitus tuottaa paikallisia ja ajankohtaisia uutisia p\u00e4ivitt\u00e4in iisalmensanomat.fi","robots":{"index":"index","follow":"follow","max-snippet":"max-snippet:-1","max-image-preview":"max-image-preview:large","max-video-preview":"max-video-preview:-1"},"canonical":"https:\/\/oma.media.fi\/iisalmen-sanomat\/ilmestymispaivat\/","og_locale":"fi_FI","og_type":"article","og_title":"Ilmestymisp\u00e4iv\u00e4t","og_description":"Iisalmen Sanomien ilmestym\u00e4tt\u00f6m\u00e4t p\u00e4iv\u00e4t 2020, mutta toimitus tuottaa paikallisia ja ajankohtaisia uutisia p\u00e4ivitt\u00e4in iisalmensanomat.fi","og_url":"https:\/\/oma.media.fi\/iisalmen-sanomat\/ilmestymispaivat\/","og_site_name":"Iisalmen Sanomat","article_modified_time":"2026-03-30T11:40:50+00:00","twitter_card":"summary_large_image","twitter_misc":{"Arvioitu lukuaika":"1 minuutti"},"schema":{"@context":"https:\/\/schema.org","@graph":[{"@type":"WebPage","@id":"https:\/\/oma.media.fi\/iisalmen-sanomat\/ilmestymispaivat\/","url":"https:\/\/oma.media.fi\/iisalmen-sanomat\/ilmestymispaivat\/","name":"Ilmestymisp\u00e4iv\u00e4t - Iisalmen Sanomat","isPartOf":{"@id":"https:\/\/oma.media.fi\/iisalmen-sanomat\/#website"},"datePublished":"2018-11-19T12:06:34+00:00","dateModified":"2026-03-30T11:40:50+00:00","description":"Iisalmen Sanomien ilmestym\u00e4tt\u00f6m\u00e4t p\u00e4iv\u00e4t 2020, mutta toimitus tuottaa paikallisia ja ajankohtaisia uutisia p\u00e4ivitt\u00e4in iisalmensanomat.fi","breadcrumb":{"@id":"https:\/\/oma.media.fi\/iisalmen-sanomat\/ilmestymispaivat\/#breadcrumb"},"inLanguage":"fi","potentialAction":[{"@type":"ReadAction","target":["https:\/\/oma.media.fi\/iisalmen-sanomat\/ilmestymispaivat\/"]}]},{"@type":"BreadcrumbList","@id":"https:\/\/oma.media.fi\/iisalmen-sanomat\/ilmestymispaivat\/#breadcrumb","itemListElement":[{"@type":"ListItem","position":1,"name":"Etusivu","item":"https:\/\/oma.media.fi\/iisalmen-sanomat\/"},{"@type":"ListItem","position":2,"name":"Ilmestymisp\u00e4iv\u00e4t"}]},{"@type":"WebSite","@id":"https:\/\/oma.media.fi\/iisalmen-sanomat\/#website","url":"https:\/\/oma.media.fi\/iisalmen-sanomat\/","name":"Iisalmen Sanomat","description":"","potentialAction":[{"@type":"SearchAction","target":{"@type":"EntryPoint","urlTemplate":"https:\/\/oma.media.fi\/iisalmen-sanomat\/?s={search_term_string}"},"query-input":{"@type":"PropertyValueSpecification","valueRequired":true,"valueName":"search_term_string"}}],"inLanguage":"fi"}]}},"publishpress_future_action":{"enabled":false,"date":"2026-05-10 18:31:14","action":"change-status","newStatus":"draft","terms":[],"taxonomy":"","extraData":[]},"publishpress_future_workflow_manual_trigger":{"enabledWorkflows":[]},"_links":{"self":[{"href":"https:\/\/oma.media.fi\/iisalmen-sanomat\/wp-json\/wp\/v2\/pages\/542","targetHints":{"allow":["GET"]}}],"collection":[{"href":"https:\/\/oma.media.fi\/iisalmen-sanomat\/wp-json\/wp\/v2\/pages"}],"about":[{"href":"https:\/\/oma.media.fi\/iisalmen-sanomat\/wp-json\/wp\/v2\/types\/page"}],"author":[{"embeddable":true,"href":"https:\/\/oma.media.fi\/iisalmen-sanomat\/wp-json\/wp\/v2\/users\/1"}],"replies":[{"embeddable":true,"href":"https:\/\/oma.media.fi\/iisalmen-sanomat\/wp-json\/wp\/v2\/comments?post=542"}],"version-history":[{"count":47,"href":"https:\/\/oma.media.fi\/iisalmen-sanomat\/wp-json\/wp\/v2\/pages\/542\/revisions"}],"predecessor-version":[{"id":17735,"href":"https:\/\/oma.media.fi\/iisalmen-sanomat\/wp-json\/wp\/v2\/pages\/542\/revisions\/17735"}],"wp:attachment":[{"href":"https:\/\/oma.media.fi\/iisalmen-sanomat\/wp-json\/wp\/v2\/media?parent=542"}],"curies":[{"name":"wp","href":"https:\/\/api.w.org\/{rel}","templated":true}]}}