{"id":2688,"date":"2020-10-06T09:36:49","date_gmt":"2020-10-06T06:36:49","guid":{"rendered":"https:\/\/oma.media.fi\/ita-savo\/?page_id=2688"},"modified":"2022-09-15T16:01:09","modified_gmt":"2022-09-15T13:01:09","slug":"nakoislehti-3","status":"publish","type":"page","link":"https:\/\/oma.media.fi\/ita-savo\/nakoislehti-3\/","title":{"rendered":"N\u00e4k\u00f6islehti"},"content":{"rendered":"<p>N\u00e4k\u00f6islehti on p\u00e4iv\u00e4n painetun lehden digitaalinen kopio,\u00a0joka on luettavissasi miss\u00e4 vain ja milloin haluat. Voit lukea n\u00e4k\u00f6islehden sek\u00e4 verkkosivuiltamme ett\u00e4 mobiilisovelluksella. N\u00e4k\u00f6islehden lukeminen edellytt\u00e4\u00e4 voimassa olevaa tilausta sek\u00e4 Mediatunnusta.<\/p>\n<p>Kaikki It\u00e4-Savon tilaukset sis\u00e4lt\u00e4v\u00e4t automaattisesti oikeuden lukea n\u00e4k\u00f6islehte\u00e4 sek\u00e4 hy\u00f6dynt\u00e4\u00e4 kaikkia digipalvelujamme.<a href=\"https:\/\/oma.media.fi\/ita-savo\/wp-content\/uploads\/sites\/43\/2020\/10\/IS.png\"><img loading=\"lazy\" decoding=\"async\" class=\"size-full wp-image-2689 alignright\" src=\"https:\/\/oma.media.fi\/ita-savo\/wp-content\/uploads\/sites\/43\/2020\/10\/IS.png\" alt=\"\" width=\"440\" height=\"330\" srcset=\"https:\/\/oma.media.fi\/ita-savo\/wp-content\/uploads\/sites\/43\/2020\/10\/IS.png 440w, https:\/\/oma.media.fi\/ita-savo\/wp-content\/uploads\/sites\/43\/2020\/10\/IS-300x225.png 300w\" sizes=\"auto, (max-width: 440px) 100vw, 440px\" \/><\/a><\/p>\n<p>Tilaajana sinulla on my\u00f6s lukuoikeus L\u00e4nsi-Savon, Etel\u00e4-Saimaan, Kouvolan Sanomien ja Kymen Sanomien n\u00e4k\u00f6islehtiin, mobiilisovelluksiin sek\u00e4 lehtiarkistoon. Sama k\u00e4ytt\u00e4j\u00e4tunnus toimii kaikissa n\u00e4k\u00f6islehdiss\u00e4 sek\u00e4 sovelluksissa.<\/p>\n<p>N\u00e4k\u00f6islehti luetaan selaimen kautta esimerkiksi tietokoneella. Jos haluat lukea muiden lehtien n\u00e4k\u00f6islehti\u00e4, mene haluamasi lehden verkkosivulle. Uusi kirjautumisj\u00e4rjestelm\u00e4 muistaa samassa selaimessa k\u00e4ytt\u00e4m\u00e4si tunnukset eik\u00e4 sinun tarvitse kirjautua erikseen lehtien sivuille. Edellytt\u00e4en, ett\u00e4 olet kirjautuessa valinnut \u201dMuista minut\u201d, jolloin kirjautumistietosi s\u00e4ilyy selaimen muistissa.<\/p>\n<p><strong>N\u00e4k\u00f6islehti mobiilisovelluksessa<\/strong><\/p>\n<p>\u00c4lypuhelimella ja tabletilla n\u00e4k\u00f6islehti on luettavissa mobiilisovelluksen kautta. Sovellus l\u00f6ytyy iOS:lle ja Androidille sovelluskaupoista.<\/p>\n<p><strong>Minulla on tilaus, mist\u00e4 l\u00f6yd\u00e4n n\u00e4k\u00f6islehden?<\/strong><\/p>\n<p>Kirjaudu\u00a0<a href=\"http:\/\/oma.media.fi\/mediatunnus\/\">Mediatunnuksella<\/a>\u00a0osoitteessa\u00a0<a href=\"http:\/\/www.ita-savo.fi\/\" target=\"_blank\" rel=\"noopener noreferrer\">www.ita-savo.fi<\/a>.<\/p>\n<p>Jos sinulla on tilaus voimassa, ja olet aktivoinut digin k\u00e4ytt\u00f6\u00f6si, l\u00f6yd\u00e4t n\u00e4k\u00f6islehden p\u00e4\u00e4sivun valikosta. Kirjaudu sis\u00e4\u00e4n joko haluamasi lehden kantta klikkaamalla tai sivun yl\u00e4reunan Kirjaudu \u2013linkist\u00e4.<\/p>\n<p><a href=\"https:\/\/oma.media.fi\/ita-savo\/wp-content\/uploads\/sites\/43\/2020\/10\/IS_nakoislehti.jpg\"><img loading=\"lazy\" decoding=\"async\" class=\"alignnone size-large wp-image-2690\" src=\"https:\/\/oma.media.fi\/ita-savo\/wp-content\/uploads\/sites\/43\/2020\/10\/IS_nakoislehti.jpg\" alt=\"\" width=\"1000\" height=\"365\" srcset=\"https:\/\/oma.media.fi\/ita-savo\/wp-content\/uploads\/sites\/43\/2020\/10\/IS_nakoislehti.jpg 1000w, https:\/\/oma.media.fi\/ita-savo\/wp-content\/uploads\/sites\/43\/2020\/10\/IS_nakoislehti-300x110.jpg 300w, https:\/\/oma.media.fi\/ita-savo\/wp-content\/uploads\/sites\/43\/2020\/10\/IS_nakoislehti-768x280.jpg 768w\" sizes=\"auto, (max-width: 1000px) 100vw, 1000px\" \/><\/a><\/p>\n<p>Jos et ole viel\u00e4 ottanut digipalvelujamme k\u00e4ytt\u00f6\u00f6si, aktivoi digitilauksesi luomalla Mediatunnus\u00a0<a href=\"https:\/\/media.portal.worldoftulo.com\/loginregistration\">t\u00e4st\u00e4.<\/a><\/p>\n<p>Tarvitset aktivointiin postinumeron sek\u00e4 asiakasnumeron, joka esim. l\u00f6ytyy laskusta. Tarvittaessa ota yhteytt\u00e4\u00a0<a href=\"mailto:tilaukset&#64;kaakonv&#105;&#101;&#115;&#116;&#105;&#110;&#116;&#97;&#46;&#102;&#105;\">tilaajapalveluun.<\/a><\/p>\n","protected":false},"excerpt":{"rendered":"<p>N\u00e4k\u00f6islehti on p\u00e4iv\u00e4n painetun lehden digitaalinen kopio,\u00a0joka on luettavissasi miss\u00e4 vain ja milloin haluat. Voit lukea n\u00e4k\u00f6islehden sek\u00e4 verkkosivuiltamme ett\u00e4 mobiilisovelluksella. N\u00e4k\u00f6islehden lukeminen edellytt\u00e4\u00e4 voimassa olevaa tilausta sek\u00e4 Mediatunnusta. Kaikki It\u00e4-Savon tilaukset sis\u00e4lt\u00e4v\u00e4t automaattisesti oikeuden lukea n\u00e4k\u00f6islehte\u00e4 sek\u00e4 hy\u00f6dynt\u00e4\u00e4 kaikkia digipalvelujamme. Tilaajana sinulla on my\u00f6s lukuoikeus L\u00e4nsi-Savon, Etel\u00e4-Saimaan, Kouvolan Sanomien ja Kymen Sanomien n\u00e4k\u00f6islehtiin, mobiilisovelluksiin [&hellip;]<\/p>\n","protected":false},"author":50,"featured_media":0,"parent":0,"menu_order":0,"comment_status":"closed","ping_status":"closed","template":"","meta":{"_acf_changed":false,"footnotes":""},"class_list":["post-2688","page","type-page","status-publish","hentry"],"acf":[],"yoast_head":"<!-- This site is optimized with the Yoast SEO plugin v26.2 - https:\/\/yoast.com\/wordpress\/plugins\/seo\/ -->\n<title>N\u00e4k\u00f6islehti - It\u00e4-Savo<\/title>\n<meta name=\"robots\" content=\"index, follow, max-snippet:-1, max-image-preview:large, max-video-preview:-1\" \/>\n<link rel=\"canonical\" href=\"https:\/\/oma.media.fi\/ita-savo\/nakoislehti-3\/\" \/>\n<meta property=\"og:locale\" content=\"fi_FI\" \/>\n<meta property=\"og:type\" content=\"article\" \/>\n<meta property=\"og:title\" content=\"N\u00e4k\u00f6islehti\" \/>\n<meta property=\"og:description\" content=\"N\u00e4k\u00f6islehti on p\u00e4iv\u00e4n painetun lehden digitaalinen kopio,\u00a0joka on luettavissasi miss\u00e4 vain ja milloin haluat. Voit lukea n\u00e4k\u00f6islehden sek\u00e4 verkkosivuiltamme ett\u00e4 mobiilisovelluksella. N\u00e4k\u00f6islehden lukeminen edellytt\u00e4\u00e4 voimassa olevaa tilausta sek\u00e4 Mediatunnusta. Kaikki It\u00e4-Savon tilaukset sis\u00e4lt\u00e4v\u00e4t automaattisesti oikeuden lukea n\u00e4k\u00f6islehte\u00e4 sek\u00e4 hy\u00f6dynt\u00e4\u00e4 kaikkia digipalvelujamme. Tilaajana sinulla on my\u00f6s lukuoikeus L\u00e4nsi-Savon, Etel\u00e4-Saimaan, Kouvolan Sanomien ja Kymen Sanomien n\u00e4k\u00f6islehtiin, mobiilisovelluksiin [&hellip;]\" \/>\n<meta property=\"og:url\" content=\"https:\/\/oma.media.fi\/ita-savo\/nakoislehti-3\/\" \/>\n<meta property=\"og:site_name\" content=\"It\u00e4-Savo\" \/>\n<meta property=\"article:modified_time\" content=\"2022-09-15T13:01:09+00:00\" \/>\n<meta property=\"og:image\" content=\"https:\/\/oma.media.fi\/ita-savo\/wp-content\/uploads\/sites\/43\/2020\/10\/IS.png\" \/>\n<meta name=\"twitter:card\" content=\"summary_large_image\" \/>\n<meta name=\"twitter:label1\" content=\"Arvioitu lukuaika\" \/>\n\t<meta name=\"twitter:data1\" content=\"2 minuuttia\" \/>\n<script type=\"application\/ld+json\" class=\"yoast-schema-graph\">{\"@context\":\"https:\/\/schema.org\",\"@graph\":[{\"@type\":\"WebPage\",\"@id\":\"https:\/\/oma.media.fi\/ita-savo\/nakoislehti-3\/\",\"url\":\"https:\/\/oma.media.fi\/ita-savo\/nakoislehti-3\/\",\"name\":\"N\u00e4k\u00f6islehti - It\u00e4-Savo\",\"isPartOf\":{\"@id\":\"https:\/\/oma.media.fi\/ita-savo\/#website\"},\"primaryImageOfPage\":{\"@id\":\"https:\/\/oma.media.fi\/ita-savo\/nakoislehti-3\/#primaryimage\"},\"image\":{\"@id\":\"https:\/\/oma.media.fi\/ita-savo\/nakoislehti-3\/#primaryimage\"},\"thumbnailUrl\":\"https:\/\/oma.media.fi\/ita-savo\/wp-content\/uploads\/sites\/43\/2020\/10\/IS.png\",\"datePublished\":\"2020-10-06T06:36:49+00:00\",\"dateModified\":\"2022-09-15T13:01:09+00:00\",\"breadcrumb\":{\"@id\":\"https:\/\/oma.media.fi\/ita-savo\/nakoislehti-3\/#breadcrumb\"},\"inLanguage\":\"fi\",\"potentialAction\":[{\"@type\":\"ReadAction\",\"target\":[\"https:\/\/oma.media.fi\/ita-savo\/nakoislehti-3\/\"]}]},{\"@type\":\"ImageObject\",\"inLanguage\":\"fi\",\"@id\":\"https:\/\/oma.media.fi\/ita-savo\/nakoislehti-3\/#primaryimage\",\"url\":\"https:\/\/oma.media.fi\/ita-savo\/wp-content\/uploads\/sites\/43\/2020\/10\/IS.png\",\"contentUrl\":\"https:\/\/oma.media.fi\/ita-savo\/wp-content\/uploads\/sites\/43\/2020\/10\/IS.png\",\"width\":440,\"height\":330},{\"@type\":\"BreadcrumbList\",\"@id\":\"https:\/\/oma.media.fi\/ita-savo\/nakoislehti-3\/#breadcrumb\",\"itemListElement\":[{\"@type\":\"ListItem\",\"position\":1,\"name\":\"Etusivu\",\"item\":\"https:\/\/oma.media.fi\/ita-savo\/\"},{\"@type\":\"ListItem\",\"position\":2,\"name\":\"N\u00e4k\u00f6islehti\"}]},{\"@type\":\"WebSite\",\"@id\":\"https:\/\/oma.media.fi\/ita-savo\/#website\",\"url\":\"https:\/\/oma.media.fi\/ita-savo\/\",\"name\":\"It\u00e4-Savo\",\"description\":\"\",\"potentialAction\":[{\"@type\":\"SearchAction\",\"target\":{\"@type\":\"EntryPoint\",\"urlTemplate\":\"https:\/\/oma.media.fi\/ita-savo\/?s={search_term_string}\"},\"query-input\":{\"@type\":\"PropertyValueSpecification\",\"valueRequired\":true,\"valueName\":\"search_term_string\"}}],\"inLanguage\":\"fi\"}]}<\/script>\n<!-- \/ Yoast SEO plugin. -->","yoast_head_json":{"title":"N\u00e4k\u00f6islehti - It\u00e4-Savo","robots":{"index":"index","follow":"follow","max-snippet":"max-snippet:-1","max-image-preview":"max-image-preview:large","max-video-preview":"max-video-preview:-1"},"canonical":"https:\/\/oma.media.fi\/ita-savo\/nakoislehti-3\/","og_locale":"fi_FI","og_type":"article","og_title":"N\u00e4k\u00f6islehti","og_description":"N\u00e4k\u00f6islehti on p\u00e4iv\u00e4n painetun lehden digitaalinen kopio,\u00a0joka on luettavissasi miss\u00e4 vain ja milloin haluat. Voit lukea n\u00e4k\u00f6islehden sek\u00e4 verkkosivuiltamme ett\u00e4 mobiilisovelluksella. N\u00e4k\u00f6islehden lukeminen edellytt\u00e4\u00e4 voimassa olevaa tilausta sek\u00e4 Mediatunnusta. Kaikki It\u00e4-Savon tilaukset sis\u00e4lt\u00e4v\u00e4t automaattisesti oikeuden lukea n\u00e4k\u00f6islehte\u00e4 sek\u00e4 hy\u00f6dynt\u00e4\u00e4 kaikkia digipalvelujamme. Tilaajana sinulla on my\u00f6s lukuoikeus L\u00e4nsi-Savon, Etel\u00e4-Saimaan, Kouvolan Sanomien ja Kymen Sanomien n\u00e4k\u00f6islehtiin, mobiilisovelluksiin [&hellip;]","og_url":"https:\/\/oma.media.fi\/ita-savo\/nakoislehti-3\/","og_site_name":"It\u00e4-Savo","article_modified_time":"2022-09-15T13:01:09+00:00","og_image":[{"url":"https:\/\/oma.media.fi\/ita-savo\/wp-content\/uploads\/sites\/43\/2020\/10\/IS.png","type":"","width":"","height":""}],"twitter_card":"summary_large_image","twitter_misc":{"Arvioitu lukuaika":"2 minuuttia"},"schema":{"@context":"https:\/\/schema.org","@graph":[{"@type":"WebPage","@id":"https:\/\/oma.media.fi\/ita-savo\/nakoislehti-3\/","url":"https:\/\/oma.media.fi\/ita-savo\/nakoislehti-3\/","name":"N\u00e4k\u00f6islehti - It\u00e4-Savo","isPartOf":{"@id":"https:\/\/oma.media.fi\/ita-savo\/#website"},"primaryImageOfPage":{"@id":"https:\/\/oma.media.fi\/ita-savo\/nakoislehti-3\/#primaryimage"},"image":{"@id":"https:\/\/oma.media.fi\/ita-savo\/nakoislehti-3\/#primaryimage"},"thumbnailUrl":"https:\/\/oma.media.fi\/ita-savo\/wp-content\/uploads\/sites\/43\/2020\/10\/IS.png","datePublished":"2020-10-06T06:36:49+00:00","dateModified":"2022-09-15T13:01:09+00:00","breadcrumb":{"@id":"https:\/\/oma.media.fi\/ita-savo\/nakoislehti-3\/#breadcrumb"},"inLanguage":"fi","potentialAction":[{"@type":"ReadAction","target":["https:\/\/oma.media.fi\/ita-savo\/nakoislehti-3\/"]}]},{"@type":"ImageObject","inLanguage":"fi","@id":"https:\/\/oma.media.fi\/ita-savo\/nakoislehti-3\/#primaryimage","url":"https:\/\/oma.media.fi\/ita-savo\/wp-content\/uploads\/sites\/43\/2020\/10\/IS.png","contentUrl":"https:\/\/oma.media.fi\/ita-savo\/wp-content\/uploads\/sites\/43\/2020\/10\/IS.png","width":440,"height":330},{"@type":"BreadcrumbList","@id":"https:\/\/oma.media.fi\/ita-savo\/nakoislehti-3\/#breadcrumb","itemListElement":[{"@type":"ListItem","position":1,"name":"Etusivu","item":"https:\/\/oma.media.fi\/ita-savo\/"},{"@type":"ListItem","position":2,"name":"N\u00e4k\u00f6islehti"}]},{"@type":"WebSite","@id":"https:\/\/oma.media.fi\/ita-savo\/#website","url":"https:\/\/oma.media.fi\/ita-savo\/","name":"It\u00e4-Savo","description":"","potentialAction":[{"@type":"SearchAction","target":{"@type":"EntryPoint","urlTemplate":"https:\/\/oma.media.fi\/ita-savo\/?s={search_term_string}"},"query-input":{"@type":"PropertyValueSpecification","valueRequired":true,"valueName":"search_term_string"}}],"inLanguage":"fi"}]}},"publishpress_future_action":{"enabled":false,"date":"2026-05-05 18:04:20","action":"change-status","newStatus":"draft","terms":[],"taxonomy":"","extraData":[]},"publishpress_future_workflow_manual_trigger":{"enabledWorkflows":[]},"_links":{"self":[{"href":"https:\/\/oma.media.fi\/ita-savo\/wp-json\/wp\/v2\/pages\/2688","targetHints":{"allow":["GET"]}}],"collection":[{"href":"https:\/\/oma.media.fi\/ita-savo\/wp-json\/wp\/v2\/pages"}],"about":[{"href":"https:\/\/oma.media.fi\/ita-savo\/wp-json\/wp\/v2\/types\/page"}],"author":[{"embeddable":true,"href":"https:\/\/oma.media.fi\/ita-savo\/wp-json\/wp\/v2\/users\/50"}],"replies":[{"embeddable":true,"href":"https:\/\/oma.media.fi\/ita-savo\/wp-json\/wp\/v2\/comments?post=2688"}],"version-history":[{"count":1,"href":"https:\/\/oma.media.fi\/ita-savo\/wp-json\/wp\/v2\/pages\/2688\/revisions"}],"predecessor-version":[{"id":2691,"href":"https:\/\/oma.media.fi\/ita-savo\/wp-json\/wp\/v2\/pages\/2688\/revisions\/2691"}],"wp:attachment":[{"href":"https:\/\/oma.media.fi\/ita-savo\/wp-json\/wp\/v2\/media?parent=2688"}],"curies":[{"name":"wp","href":"https:\/\/api.w.org\/{rel}","templated":true}]}}