{"id":794,"date":"2023-11-08T16:17:17","date_gmt":"2023-11-08T14:17:17","guid":{"rendered":"https:\/\/oma.media.fi\/lansivayla\/?page_id=794"},"modified":"2026-01-14T14:59:10","modified_gmt":"2026-01-14T12:59:10","slug":"pro-lansivayla-tilaus","status":"publish","type":"page","link":"https:\/\/oma.media.fi\/lansivayla\/pro-lansivayla-tilaus\/","title":{"rendered":"Yritystilaus"},"content":{"rendered":"<p><strong>L\u00e4hde mukaan tukemaan espoolaisten hyvinvointia ja Espoon elinvoimaa. Tee yrityksellesi tai yhteis\u00f6llesi Pro L\u00e4nsiv\u00e4yl\u00e4 -tilaus. Ole kanssamme Espoon puolella, espoolaisten hyv\u00e4ksi.<\/strong><\/p>\n<p><span style=\"text-decoration: underline\"><strong>Ota yhteytt\u00e4:<\/strong><\/span><\/p>\n<p><strong>Mika Benson<\/strong><br \/>\nKuluttajamyynnin johtaja<br \/>\n040 719 0449,\u00a0<a href=\"m&#97;&#105;&#108;&#x74;&#x6f;&#x3a;mi&#107;&#97;&#x2e;&#x62;&#x65;&#x6e;so&#110;&#64;&#x6d;&#x65;&#x64;&#x69;a&#46;&#102;&#105;\">&#109;&#x69;&#107;&#x61;&#46;&#x62;&#101;&#x6e;&#115;&#x6f;&#110;&#x40;&#109;&#x65;&#100;&#x69;&#97;&#x2e;&#102;&#x69;<\/a><\/p>\n<p>&nbsp;<\/p>\n<div title=\"Asiakkuusp\u00e4\u00e4llikk\u00f6\" data-log-name=\"JobTitle\">\n<h2>Tilauksen sis\u00e4lt\u00f6<\/h2>\n<p>Yritysdigi sis\u00e4lt\u00e4\u00e4 verkkopalvelun ja uutissovelluksen ty\u00f6asema- ja mobiilik\u00e4yt\u00f6ss\u00e4. Ty\u00f6ntekij\u00e4 voi k\u00e4ytt\u00e4\u00e4 tilausta miss\u00e4 ja milloin vain. Palvelun k\u00e4ytt\u00e4j\u00e4tunnuksena toimii ty\u00f6ntekij\u00e4n s\u00e4hk\u00f6postiosoite.<\/p>\n<h2>Yritystilauspaketit<\/h2>\n<h3>Pro L\u00e4nsiv\u00e4yl\u00e4 <span data-teams=\"true\">778,80<\/span>\u00a0\u20ac \/ v<\/h3>\n<p>\u2022 Logosi jokaiseen painettuun L\u00e4nsiv\u00e4yl\u00e4\u00e4n Pro L\u00e4nsiv\u00e4yl\u00e4 -aihesivulle<br \/>\n\u2022 Yrityksen nimi L\u00e4nsiv\u00e4yl\u00e4n verkkosivuilla ja sovelluksessa Pro L\u00e4nsiv\u00e4yl\u00e4 -aihesivulla<br \/>\n\u2022 Sis. 10 kpl L\u00e4nsiv\u00e4yl\u00e4 digi -lukuoikeuksia<br \/>\n\u2022 Lis\u00e4lukuoikeudet 6,49 \u20ac\/kk 77,88 \u20ac \/ v per lukuoikeus<\/p>\n<h3>Elite L\u00e4nsiv\u00e4yl\u00e4 <span data-teams=\"true\">7788,00<\/span> \u20ac\/ v<\/h3>\n<p>\u2022 Saatavilla rajoitetusti!<br \/>\n\u2022 Jatkuva logon\u00e4kyvyys L\u00e4nsiv\u00e4yl\u00e4n painetussa lehdess\u00e4, verkkopalvelussa, sovelluksessa sek\u00e4 ohjaus tilaajan sivuille<br \/>\n\u2022 Lis\u00e4ksi oma natiiviartikkeli Pro L\u00e4nsiv\u00e4yl\u00e4 -osiossa<br \/>\n\u2022 Sis. 100 kpl L\u00e4nsiv\u00e4yl\u00e4 digi -lukuoikeuksia<br \/>\n\u2022 Lis\u00e4lukuoikeudet 77,88 \u20ac \/ v per lukuoikeus<\/p>\n<p>Hintoihin lis\u00e4t\u00e4\u00e4n kulloinkin voimassa oleva arvonlis\u00e4vero.<\/p>\n<\/div>\n<div title=\"Asiakkuusp\u00e4\u00e4llikk\u00f6\" data-log-name=\"JobTitle\"><\/div>\n<div title=\"Asiakkuusp\u00e4\u00e4llikk\u00f6\" data-log-name=\"JobTitle\"><strong>************************************************************************************************<\/strong><\/div>\n<div title=\"Asiakkuusp\u00e4\u00e4llikk\u00f6\" data-log-name=\"JobTitle\"><\/div>\n<h2>Espoon puolella &#8211; Pro L\u00e4nsiv\u00e4yl\u00e4<\/h2>\n<p>Identiteettimme muodostuu erilaisista yhteis\u00f6ist\u00e4, joihin kuulumme. Koti on yhteis\u00f6ist\u00e4 t\u00e4rkein. Ei ole yhdentekev\u00e4\u00e4, miss\u00e4 se sijaitsee. K\u00e4yt\u00e4mmekin paljon aikaa kodin sijainnin valintaan. Yhteen el\u00e4m\u00e4mme t\u00e4rkeimm\u00e4st\u00e4 p\u00e4\u00e4t\u00f6ksest\u00e4 vaikuttavat juuremme, taustamme, l\u00e4heiset ihmiset, palvelut ja l\u00e4hiymp\u00e4rist\u00f6. Kotiseuturakkaus sen sijaan syntyy ajan my\u00f6t\u00e4.<\/p>\n<p>Oman identiteetin muodostuminen on t\u00e4rke\u00e4\u00e4 my\u00f6s kaupungille. Se vaikuttaa nykyasukkaiden mielipiteisiin sek\u00e4 mahdollisten uusien asukkaiden ja yritysten mielikuviin. Siksi kaupunkibr\u00e4ndi\u00e4 halutaan suojella ja rakentaa yh\u00e4 vahvemmaksi.<\/p>\n<p><strong>Paikallismedia on yksi vahvan kaupungin merkki.<\/strong> Ei ole sattumaa, ett\u00e4 New York Times, Washington Post, Turun Sanomat, Aamulehti ja Keskisuomalainen ovat t\u00e4rkeit\u00e4 kotikaupunkiensa ihmisille, yhteis\u00f6ille ja yrityksille.<\/p>\n<p><strong>Paikallislehdill\u00e4 on kokoaan suurempi merkitys: ne lis\u00e4\u00e4v\u00e4t yhteis\u00f6llisyyden ja yhteenkuuluvuuden tunnetta.<\/strong> L\u00e4nsiv\u00e4yl\u00e4 on jo espoolaisten oma media. Kirjaimellisestikin Espoon puolella. Suomen toiseksi suurimmassa kaupungissa roolimme on v\u00e4ltt\u00e4m\u00e4t\u00f6n. Olemme mukana kehitt\u00e4m\u00e4ss\u00e4 Espoon kaupunki-identiteetti\u00e4 \u2013 ja espoolaisten omana mediana my\u00f6s itse osa sit\u00e4. Jatkossa varmistamme, ett\u00e4 olemme yh\u00e4 tiiviimmin l\u00e4hell\u00e4 kaupunkilaisia ja olennainen osa heid\u00e4n arkeaan ja juhliaan.<\/p>\n<h2>L\u00e4nsiv\u00e4yl\u00e4 panostaa Espoon uutisointiin ennenn\u00e4kem\u00e4tt\u00f6m\u00e4n paljon<\/h2>\n<p>Palkkaamme kolme journalistia lis\u00e4\u00e4 varmistaaksemme, ett\u00e4 meill\u00e4 on aina laajin, syv\u00e4llisin ja ajankohtaisin tieto kaikkeen siihen, mit\u00e4 Espoossa tapahtuu. Espoolaiset haluavat tiet\u00e4\u00e4 kotikaupunkinsa tapahtumat luotettavasti ja kattavasti.<\/p>\n<p>Paikallisuutisten tuottaminen on Suomessa pitk\u00e4lti kaupallisen median harteilla. Yle ja HS tuottavat satunnaisesti espoolaista sis\u00e4lt\u00f6\u00e4, mutta se ei ole n\u00e4iden medioiden fokus. L\u00e4nsiv\u00e4yl\u00e4n olemassaolon tarkoitus on luoda hyvinvointia ja elinvoimaa Espooseen, toimia paikallisen tiedon v\u00e4litt\u00e4j\u00e4n\u00e4 sek\u00e4 varmistaa demokratian toteutuminen. L\u00e4nsiv\u00e4yl\u00e4 vaalii ja valvoo Espoon ja espoolaisten etuja. Olemme Espoon puolella.<\/p>\n<p><strong>Hyv\u00e4\u00e4 on vaikea parantaa merkitt\u00e4v\u00e4sti pelk\u00e4st\u00e4\u00e4n mainosrahoitteisesti, koska mediakentt\u00e4 on viime vuosina muuttunut radikaalisti.<\/strong> Yh\u00e4 useampi paikallismainostajistakin valitsee kotimaisen paikallismedian sijaan globaalin toimijan, jota paikallisuus ei yksinkertaisesti kiinnosta.<\/p>\n<p>T\u00e4st\u00e4 johtuen L\u00e4nsiv\u00e4yl\u00e4n digituote muuttuu maksulliseksi vuoden 2024 alussa. Espoolaisilta ei oteta mit\u00e4\u00e4n pois, mutta pient\u00e4 maksua vastaan he saavat paljon lis\u00e4\u00e4. Entist\u00e4kin runsaampaa, laadukkaampaa ja syv\u00e4llisemp\u00e4\u00e4 Espoo-sis\u00e4lt\u00f6\u00e4 omalta medialtaan, joka palvelee espoolaisten intressej\u00e4. Muutoksella pyrimme varmistamaan, ett\u00e4 moni\u00e4\u00e4nisell\u00e4, riippumattomalla paikallismedialla on jatkossakin toimintaedellytykset. Viidennes lansivayla.fi -palvelun sis\u00e4ll\u00f6ist\u00e4 sek\u00e4 L\u00e4nsiv\u00e4yl\u00e4n paperilehti ja verkon n\u00e4k\u00f6islehti ovat tuttuun tapaan jatkossakin kaikille avoimia, mutta runsaimpaan, laadukkaimpaan ja syv\u00e4llisimp\u00e4\u00e4n Espoo-sis\u00e4lt\u00f6\u00f6n p\u00e4\u00e4see jatkossa k\u00e4siksi vain L\u00e4nsiv\u00e4yl\u00e4n digitilauksella.<\/p>\n<h2>Tue espoolaisten hyvinvointia ja Espoon elinvoimaa: Pro L\u00e4nsiv\u00e4yl\u00e4<\/h2>\n<p><strong>Emme pysty toimimaan yksin.<\/strong> Emme halua tulevaisuutta, jossa Suomen toiseksi suurimmassa kaupungissa t\u00e4ytyy lukea naapurin lehte\u00e4. Mukaan muutokseen tarvitsemme paikallisia yrityksi\u00e4, yhteis\u00f6j\u00e4 ja syd\u00e4melt\u00e4\u00e4n espoolaisia tahoja, jotka haluavat tukea paikallisen, riippumattoman uutismedian toimintaedellytyksi\u00e4. Jotka ovat Espoon puolella kuten L\u00e4nsiv\u00e4yl\u00e4.<\/p>\n<p>Median moni\u00e4\u00e4nisyys on sananvapauden elinehto. L\u00e4hihistoria on karusti osoittanut, mihin sananvapauden rajoittaminen ja riippumattoman median puute voi johtaa. Vaikka Suomessa ei ollakaan samassa tilanteessa kuin esimerkiksi Ven\u00e4j\u00e4ll\u00e4, on vapaaseen sanaan ja median moni\u00e4\u00e4nisyyteen kiinnitett\u00e4v\u00e4 huomioita. N\u00e4m\u00e4 ovat asioita, joita me Suomessa pid\u00e4mme helposti itsest\u00e4\u00e4n selvin\u00e4, mutta jotka ovat yll\u00e4tt\u00e4v\u00e4n hauraita ja herkki\u00e4 murtumaan.<\/p>\n<p><strong>Pro L\u00e4nsiv\u00e4yl\u00e4 on kannatustilaus, jonka avulla paikallinen julkishallinto ja espoolaiset yritykset sek\u00e4 yhteis\u00f6t pystyv\u00e4t tukemaan Espoon oman median olemassaolon edellytyksi\u00e4. Pro L\u00e4nsiv\u00e4yl\u00e4 on suunnattu kaikille, joille espoolaisten hyvinvointi ja Espoon elinvoima ovat l\u00e4hell\u00e4 syd\u00e4nt\u00e4.<\/strong><\/p>\n<p>Paikallinen uutismedia ja sen digipalvelut tukevat my\u00f6s espoolaisten yritysten elinvoimaa. L\u00e4nsiv\u00e4yl\u00e4 tarjoaa aidosti paikallisen, monikanavaisen mediaymp\u00e4rist\u00f6n, jonka parissa espoolaiset viihtyv\u00e4t ja kuluttavat aikaa. Toimivan media-alustan lis\u00e4ksi L\u00e4nsiv\u00e4yl\u00e4 julkaisee t\u00e4rke\u00e4\u00e4 tietoa alueen elinkeinoel\u00e4m\u00e4st\u00e4, yrityksist\u00e4 sek\u00e4 yhteis\u00f6jen toiminnasta journalismin ja mainonnan keinoin.<\/p>\n<p><strong>Pro L\u00e4nsiv\u00e4yl\u00e4 -tilaus on yrityksille ja yhteis\u00f6ille sek\u00e4 yhteiskunta- ett\u00e4 br\u00e4nditeko.<\/strong> Yhteiskuntavastuu on elinehto nykyp\u00e4iv\u00e4n menestyville yrityksille. Arvopohjainen kuluttaminen on yksi kuluttajak\u00e4ytt\u00e4ytymisen megatrendeist\u00e4 niin maailmalla kuin Suomessa \u2013 maailman \u00e4lykk\u00e4in kaupunki Espoo kulkee t\u00e4ss\u00e4 etulinjassa.<\/p>\n<p><strong>L\u00e4hde mukaan tukemaan espoolaisten hyvinvointia ja Espoon elinvoimaa. Tee yrityksellesi tai yhteis\u00f6llesi Pro L\u00e4nsiv\u00e4yl\u00e4 -tilaus digiversioon. Ole kanssamme Espoon puolella, espoolaisten hyv\u00e4ksi.<\/strong><\/p>\n<p>&nbsp;<\/p>\n<h2>Tee Pro L\u00e4nsiv\u00e4yl\u00e4 -tilaus!<\/h2>\n<p><span style=\"text-decoration: underline\"><strong>Ota yhteytt\u00e4:<\/strong><\/span><\/p>\n<p><strong>Mika Benson<\/strong><br \/>\nKuluttajamyynnin johtaja<br \/>\n040 719 0449,\u00a0<a href=\"mail&#116;&#111;&#58;&#109;&#105;&#x6b;&#x61;&#x2e;&#x62;&#x65;&#x6e;&#x73;on&#64;m&#101;&#100;&#105;&#97;&#46;&#x66;&#x69;\">&#x6d;&#x69;&#107;&#97;&#46;b&#x65;&#x6e;&#x73;&#111;n&#64;&#x6d;&#x65;&#x64;&#105;&#97;&#46;&#x66;&#x69;<\/a><\/p>\n<p>&nbsp;<\/p>\n<div title=\"Asiakkuusp\u00e4\u00e4llikk\u00f6\" data-log-name=\"JobTitle\"><\/div>\n<div title=\"Asiakkuusp\u00e4\u00e4llikk\u00f6\" data-log-name=\"JobTitle\"><strong>************************************************************************************************<\/strong><\/div>\n<div title=\"Asiakkuusp\u00e4\u00e4llikk\u00f6\" data-log-name=\"JobTitle\"><\/div>\n<h2><\/h2>\n<h2>T\u00e4m\u00e4n me lupaamme:<\/h2>\n<p><strong><em>L\u00e4n\u00e4ri\u00e4 lukemalla olet osa yhteis\u00f6\u00e4si ja kaupungin sykett\u00e4.<\/em><\/strong><\/p>\n<p><strong>L\u00e4nsiv\u00e4yl\u00e4 on Espoon ja espoolaisuuden ytimess\u00e4 ja kaupunkilaisten luotettavin tiedonl\u00e4hde.<\/strong> Ohjaamme sinut oleellisen tiedon pariin.<\/p>\n<p><strong>L\u00e4nsiv\u00e4yl\u00e4 kertoo, mit\u00e4 Espoossa tapahtuu ja kuka p\u00e4\u00e4tt\u00e4\u00e4 sinun arkeesi vaikuttavista asioista.<\/strong> Mit\u00e4 naapuriisi rakennetaan ja mik\u00e4 on l\u00e4himets\u00e4si kohtalo? Riitt\u00e4\u00e4k\u00f6 kouluihin ja p\u00e4iv\u00e4koteihin opettajia ja kasvattajia ja kuka huolehtii ik\u00e4\u00e4ntyvist\u00e4 vanhemmistasi?<\/p>\n<p><strong>L\u00e4nsiv\u00e4yl\u00e4st\u00e4 luet parhaat menovinkit sek\u00e4 parhaat ravintolat, esiintyj\u00e4t ja tapahtumat espoolaisille.<\/strong> Nostamme esiin kiinnostavimmat ihmiset, koskettavimmat kulttuuriel\u00e4mykset ja syk\u00e4hdytt\u00e4vimm\u00e4t urheilijat.<\/p>\n<p><strong>L\u00e4nsiv\u00e4yl\u00e4\u00e4 lukemalla saat tietoa, jonka avulla voit vaikuttaa omaan arkeesi ja ymp\u00e4rist\u00f6\u00f6si.<\/strong> Huomioidaanko py\u00f6r\u00e4ilij\u00f6it\u00e4 riitt\u00e4v\u00e4sti? L\u00f6ytyyk\u00f6 autoilijoille parkkipaikkoja? Onko metrolla, bussilla ja junalla kulkeminen sujuvaa?<\/p>\n<p><strong>L\u00e4nsiv\u00e4yl\u00e4 puolustaa Espoota ja espoolaisia<\/strong> ja valvoo Suomen toisiksi suurimman kaupungin etuja.<\/p>\n","protected":false},"excerpt":{"rendered":"<p>L\u00e4hde mukaan tukemaan espoolaisten hyvinvointia ja Espoon elinvoimaa. Tee yrityksellesi tai yhteis\u00f6llesi Pro L\u00e4nsiv\u00e4yl\u00e4 -tilaus. Ole kanssamme Espoon puolella, espoolaisten hyv\u00e4ksi. Ota yhteytt\u00e4: Mika Benson Kuluttajamyynnin johtaja 040 719 0449,\u00a0&#109;&#x69;&#107;&#x61;&#46;&#x62;&#101;&#x6e;s&#x6f;n&#x40;m&#x65;d&#105;&#x61;&#46;&#x66;&#105; &nbsp; Tilauksen sis\u00e4lt\u00f6 Yritysdigi sis\u00e4lt\u00e4\u00e4 verkkopalvelun ja uutissovelluksen ty\u00f6asema- ja mobiilik\u00e4yt\u00f6ss\u00e4. Ty\u00f6ntekij\u00e4 voi k\u00e4ytt\u00e4\u00e4 tilausta miss\u00e4 ja milloin vain. Palvelun k\u00e4ytt\u00e4j\u00e4tunnuksena toimii ty\u00f6ntekij\u00e4n s\u00e4hk\u00f6postiosoite. Yritystilauspaketit [&hellip;]<\/p>\n","protected":false},"author":68,"featured_media":0,"parent":0,"menu_order":0,"comment_status":"closed","ping_status":"closed","template":"","meta":{"_acf_changed":false,"footnotes":""},"class_list":["post-794","page","type-page","status-publish","hentry"],"acf":[],"yoast_head":"<!-- This site is optimized with the Yoast SEO plugin v26.2 - https:\/\/yoast.com\/wordpress\/plugins\/seo\/ -->\n<title>Yritystilaus - L\u00e4nsiv\u00e4yl\u00e4<\/title>\n<meta name=\"robots\" content=\"index, follow, max-snippet:-1, max-image-preview:large, max-video-preview:-1\" \/>\n<link rel=\"canonical\" href=\"https:\/\/oma.media.fi\/lansivayla\/pro-lansivayla-tilaus\/\" \/>\n<meta property=\"og:locale\" content=\"fi_FI\" \/>\n<meta property=\"og:type\" content=\"article\" \/>\n<meta property=\"og:title\" content=\"Yritystilaus\" \/>\n<meta property=\"og:description\" content=\"L\u00e4hde mukaan tukemaan espoolaisten hyvinvointia ja Espoon elinvoimaa. Tee yrityksellesi tai yhteis\u00f6llesi Pro L\u00e4nsiv\u00e4yl\u00e4 -tilaus. Ole kanssamme Espoon puolella, espoolaisten hyv\u00e4ksi. Ota yhteytt\u00e4: Mika Benson Kuluttajamyynnin johtaja 040 719 0449,\u00a0&#x6d;&#x69;&#x6b;&#x61;&#x2e;&#x62;&#x65;&#x6e;&#x73;&#x6f;&#x6e;&#x40;&#x6d;&#x65;&#100;&#105;&#097;&#046;&#102;&#105; &nbsp; Tilauksen sis\u00e4lt\u00f6 Yritysdigi sis\u00e4lt\u00e4\u00e4 verkkopalvelun ja uutissovelluksen ty\u00f6asema- ja mobiilik\u00e4yt\u00f6ss\u00e4. Ty\u00f6ntekij\u00e4 voi k\u00e4ytt\u00e4\u00e4 tilausta miss\u00e4 ja milloin vain. Palvelun k\u00e4ytt\u00e4j\u00e4tunnuksena toimii ty\u00f6ntekij\u00e4n s\u00e4hk\u00f6postiosoite. Yritystilauspaketit [&hellip;]\" \/>\n<meta property=\"og:url\" content=\"https:\/\/oma.media.fi\/lansivayla\/pro-lansivayla-tilaus\/\" \/>\n<meta property=\"og:site_name\" content=\"L\u00e4nsiv\u00e4yl\u00e4\" \/>\n<meta property=\"article:modified_time\" content=\"2026-01-14T12:59:10+00:00\" \/>\n<meta name=\"twitter:card\" content=\"summary_large_image\" \/>\n<meta name=\"twitter:label1\" content=\"Arvioitu lukuaika\" \/>\n\t<meta name=\"twitter:data1\" content=\"6 minuuttia\" \/>\n<script type=\"application\/ld+json\" class=\"yoast-schema-graph\">{\"@context\":\"https:\/\/schema.org\",\"@graph\":[{\"@type\":\"WebPage\",\"@id\":\"https:\/\/oma.media.fi\/lansivayla\/pro-lansivayla-tilaus\/\",\"url\":\"https:\/\/oma.media.fi\/lansivayla\/pro-lansivayla-tilaus\/\",\"name\":\"Yritystilaus - L\u00e4nsiv\u00e4yl\u00e4\",\"isPartOf\":{\"@id\":\"https:\/\/oma.media.fi\/lansivayla\/#website\"},\"datePublished\":\"2023-11-08T14:17:17+00:00\",\"dateModified\":\"2026-01-14T12:59:10+00:00\",\"breadcrumb\":{\"@id\":\"https:\/\/oma.media.fi\/lansivayla\/pro-lansivayla-tilaus\/#breadcrumb\"},\"inLanguage\":\"fi\",\"potentialAction\":[{\"@type\":\"ReadAction\",\"target\":[\"https:\/\/oma.media.fi\/lansivayla\/pro-lansivayla-tilaus\/\"]}]},{\"@type\":\"BreadcrumbList\",\"@id\":\"https:\/\/oma.media.fi\/lansivayla\/pro-lansivayla-tilaus\/#breadcrumb\",\"itemListElement\":[{\"@type\":\"ListItem\",\"position\":1,\"name\":\"Etusivu\",\"item\":\"https:\/\/oma.media.fi\/lansivayla\/\"},{\"@type\":\"ListItem\",\"position\":2,\"name\":\"Yritystilaus\"}]},{\"@type\":\"WebSite\",\"@id\":\"https:\/\/oma.media.fi\/lansivayla\/#website\",\"url\":\"https:\/\/oma.media.fi\/lansivayla\/\",\"name\":\"L\u00e4nsiv\u00e4yl\u00e4\",\"description\":\"\",\"potentialAction\":[{\"@type\":\"SearchAction\",\"target\":{\"@type\":\"EntryPoint\",\"urlTemplate\":\"https:\/\/oma.media.fi\/lansivayla\/?s={search_term_string}\"},\"query-input\":{\"@type\":\"PropertyValueSpecification\",\"valueRequired\":true,\"valueName\":\"search_term_string\"}}],\"inLanguage\":\"fi\"}]}<\/script>\n<!-- \/ Yoast SEO plugin. -->","yoast_head_json":{"title":"Yritystilaus - L\u00e4nsiv\u00e4yl\u00e4","robots":{"index":"index","follow":"follow","max-snippet":"max-snippet:-1","max-image-preview":"max-image-preview:large","max-video-preview":"max-video-preview:-1"},"canonical":"https:\/\/oma.media.fi\/lansivayla\/pro-lansivayla-tilaus\/","og_locale":"fi_FI","og_type":"article","og_title":"Yritystilaus","og_description":"L\u00e4hde mukaan tukemaan espoolaisten hyvinvointia ja Espoon elinvoimaa. Tee yrityksellesi tai yhteis\u00f6llesi Pro L\u00e4nsiv\u00e4yl\u00e4 -tilaus. Ole kanssamme Espoon puolella, espoolaisten hyv\u00e4ksi. Ota yhteytt\u00e4: Mika Benson Kuluttajamyynnin johtaja 040 719 0449,\u00a0&#x6d;&#x69;&#x6b;&#x61;&#x2e;&#x62;&#x65;&#x6e;&#x73;&#x6f;&#x6e;&#x40;&#x6d;&#x65;&#100;&#105;&#97;&#46;&#102;&#105; &nbsp; Tilauksen sis\u00e4lt\u00f6 Yritysdigi sis\u00e4lt\u00e4\u00e4 verkkopalvelun ja uutissovelluksen ty\u00f6asema- ja mobiilik\u00e4yt\u00f6ss\u00e4. Ty\u00f6ntekij\u00e4 voi k\u00e4ytt\u00e4\u00e4 tilausta miss\u00e4 ja milloin vain. Palvelun k\u00e4ytt\u00e4j\u00e4tunnuksena toimii ty\u00f6ntekij\u00e4n s\u00e4hk\u00f6postiosoite. Yritystilauspaketit [&hellip;]","og_url":"https:\/\/oma.media.fi\/lansivayla\/pro-lansivayla-tilaus\/","og_site_name":"L\u00e4nsiv\u00e4yl\u00e4","article_modified_time":"2026-01-14T12:59:10+00:00","twitter_card":"summary_large_image","twitter_misc":{"Arvioitu lukuaika":"6 minuuttia"},"schema":{"@context":"https:\/\/schema.org","@graph":[{"@type":"WebPage","@id":"https:\/\/oma.media.fi\/lansivayla\/pro-lansivayla-tilaus\/","url":"https:\/\/oma.media.fi\/lansivayla\/pro-lansivayla-tilaus\/","name":"Yritystilaus - L\u00e4nsiv\u00e4yl\u00e4","isPartOf":{"@id":"https:\/\/oma.media.fi\/lansivayla\/#website"},"datePublished":"2023-11-08T14:17:17+00:00","dateModified":"2026-01-14T12:59:10+00:00","breadcrumb":{"@id":"https:\/\/oma.media.fi\/lansivayla\/pro-lansivayla-tilaus\/#breadcrumb"},"inLanguage":"fi","potentialAction":[{"@type":"ReadAction","target":["https:\/\/oma.media.fi\/lansivayla\/pro-lansivayla-tilaus\/"]}]},{"@type":"BreadcrumbList","@id":"https:\/\/oma.media.fi\/lansivayla\/pro-lansivayla-tilaus\/#breadcrumb","itemListElement":[{"@type":"ListItem","position":1,"name":"Etusivu","item":"https:\/\/oma.media.fi\/lansivayla\/"},{"@type":"ListItem","position":2,"name":"Yritystilaus"}]},{"@type":"WebSite","@id":"https:\/\/oma.media.fi\/lansivayla\/#website","url":"https:\/\/oma.media.fi\/lansivayla\/","name":"L\u00e4nsiv\u00e4yl\u00e4","description":"","potentialAction":[{"@type":"SearchAction","target":{"@type":"EntryPoint","urlTemplate":"https:\/\/oma.media.fi\/lansivayla\/?s={search_term_string}"},"query-input":{"@type":"PropertyValueSpecification","valueRequired":true,"valueName":"search_term_string"}}],"inLanguage":"fi"}]}},"publishpress_future_action":{"enabled":false,"date":"2026-05-10 17:16:01","action":"change-status","newStatus":"draft","terms":[],"taxonomy":"","extraData":[]},"publishpress_future_workflow_manual_trigger":{"enabledWorkflows":[]},"_links":{"self":[{"href":"https:\/\/oma.media.fi\/lansivayla\/wp-json\/wp\/v2\/pages\/794","targetHints":{"allow":["GET"]}}],"collection":[{"href":"https:\/\/oma.media.fi\/lansivayla\/wp-json\/wp\/v2\/pages"}],"about":[{"href":"https:\/\/oma.media.fi\/lansivayla\/wp-json\/wp\/v2\/types\/page"}],"author":[{"embeddable":true,"href":"https:\/\/oma.media.fi\/lansivayla\/wp-json\/wp\/v2\/users\/68"}],"replies":[{"embeddable":true,"href":"https:\/\/oma.media.fi\/lansivayla\/wp-json\/wp\/v2\/comments?post=794"}],"version-history":[{"count":29,"href":"https:\/\/oma.media.fi\/lansivayla\/wp-json\/wp\/v2\/pages\/794\/revisions"}],"predecessor-version":[{"id":1883,"href":"https:\/\/oma.media.fi\/lansivayla\/wp-json\/wp\/v2\/pages\/794\/revisions\/1883"}],"wp:attachment":[{"href":"https:\/\/oma.media.fi\/lansivayla\/wp-json\/wp\/v2\/media?parent=794"}],"curies":[{"name":"wp","href":"https:\/\/api.w.org\/{rel}","templated":true}]}}